{"id":40167,"date":"2026-04-23T12:10:40","date_gmt":"2026-04-23T10:10:40","guid":{"rendered":"https:\/\/tourvespucci.it\/?page_id=40167"},"modified":"2026-04-30T21:00:50","modified_gmt":"2026-04-30T19:00:50","slug":"genova-5-9-maggio-2026","status":"publish","type":"page","link":"https:\/\/tourvespucci.it\/genova-5-9-maggio-2026\/","title":{"rendered":"Genova 5-9 Maggio 2026"},"content":{"rendered":"\t\t<div data-elementor-type=\"wp-page\" data-elementor-id=\"40167\" class=\"elementor elementor-40167\" data-elementor-post-type=\"page\">\n\t\t\t\t<div class=\"elementor-element elementor-element-7dd7ede6 mediaQS24 e-flex e-con-boxed e-con e-parent\" data-id=\"7dd7ede6\" data-element_type=\"container\" data-settings=\"{&quot;background_background&quot;:&quot;classic&quot;}\">\n\t\t\t\t\t<div class=\"e-con-inner\">\n\t\t <style>\n        .accordion-item.expanded {\n            background-color: #d9d1c3 !important; \/* Change this color to whatever you like *\/\n        }\n\n\t\t.link-details.sold-out {\n    background-color: #9f2305;\n    cursor: not-allowed;\n}\n.link-details.sold-out a{\npointer-events: none;\n}\n  <\/style>\n\n<script>\njQuery(document).ready(function($) {\n    jQuery('.open-videomodal').magnificPopup({\n        type: 'iframe',\n        iframe: {\n            patterns: {\n                youtube: {\n                    index: 'youtube.com\/', \n                    id: function(url) {        \n                        var id = url.match(\/[\\\\?\\\\&]v=([^\\\\?\\\\&]+)\/);\n                        return id ? id[1] : null;                    \n                    },\n                    src: 'https:\/\/www.youtube.com\/embed\/%id%' \n                }\n            }\n        },\n        srcAction: 'iframe_src', \n    });\n});\n\n<\/script>\t\t<div class=\"elementor-element elementor-element-45335794 elementor-widget__width-initial elementor-widget elementor-widget-heading\" data-id=\"45335794\" data-element_type=\"widget\" data-widget_type=\"heading.default\">\n\t\t\t\t<div class=\"elementor-widget-container\">\n\t\t\t<h2 class=\"elementor-heading-title elementor-size-default\">GENOVA<\/h2>\t\t<\/div>\n\t\t\t\t<\/div>\n\t\t\t\t<div class=\"elementor-element elementor-element-9b76d3e elementor-widget elementor-widget-heading\" data-id=\"9b76d3e\" data-element_type=\"widget\" data-widget_type=\"heading.default\">\n\t\t\t\t<div class=\"elementor-widget-container\">\n\t\t\t<p class=\"elementor-heading-title elementor-size-default\">Porto Antico - Belvedere dei Dogi\n<\/p>\t\t<\/div>\n\t\t\t\t<\/div>\n\t\t\t\t<div class=\"elementor-element elementor-element-3fb2b885 elementor-widget elementor-widget-heading\" data-id=\"3fb2b885\" data-element_type=\"widget\" data-widget_type=\"heading.default\">\n\t\t\t\t<div class=\"elementor-widget-container\">\n\t\t\t<p class=\"elementor-heading-title elementor-size-default\">5-9 Maggio 2026<\/p>\t\t<\/div>\n\t\t\t\t<\/div>\n\t\t\t\t<div class=\"elementor-element elementor-element-68a48902 elementor-widget elementor-widget-heading\" data-id=\"68a48902\" data-element_type=\"widget\" data-widget_type=\"heading.default\">\n\t\t\t\t<div class=\"elementor-widget-container\">\n\t\t\t<p class=\"elementor-heading-title elementor-size-default\">Genova, nei secoli, per il mare e l'avventura.<\/p>\t\t<\/div>\n\t\t\t\t<\/div>\n\t\t<div class=\"elementor-element elementor-element-3e31650 e-grid e-con-full e-con e-child\" data-id=\"3e31650\" data-element_type=\"container\">\n\t\t\t\t<div class=\"elementor-element elementor-element-6616199 elementor-widget elementor-widget-image\" data-id=\"6616199\" data-element_type=\"widget\" data-widget_type=\"image.default\">\n\t\t\t\t<div class=\"elementor-widget-container\">\n\t\t\t\t\t\t\t\t\t\t\t\t\t<img fetchpriority=\"high\" decoding=\"async\" width=\"1395\" height=\"909\" src=\"https:\/\/cdn.tourvespucci.it\/wp-content\/uploads\/2026\/04\/villaggio-italia-vespucci-w-ita-2026.png\" class=\"attachment-full size-full wp-image-42634\" alt=\"\" srcset=\"https:\/\/cdn.tourvespucci.it\/wp-content\/uploads\/2026\/04\/villaggio-italia-vespucci-w-ita-2026.png 1395w, https:\/\/cdn.tourvespucci.it\/wp-content\/uploads\/2026\/04\/villaggio-italia-vespucci-w-ita-2026-300x195.png 300w, https:\/\/cdn.tourvespucci.it\/wp-content\/uploads\/2026\/04\/villaggio-italia-vespucci-w-ita-2026-1024x667.png 1024w, https:\/\/cdn.tourvespucci.it\/wp-content\/uploads\/2026\/04\/villaggio-italia-vespucci-w-ita-2026-768x500.png 768w\" sizes=\"(max-width: 1395px) 100vw, 1395px\" \/>\t\t\t\t\t\t\t\t\t\t\t\t\t<\/div>\n\t\t\t\t<\/div>\n\t\t\t\t<div class=\"elementor-element elementor-element-a41f1b0 elementor-widget elementor-widget-image\" data-id=\"a41f1b0\" data-element_type=\"widget\" data-widget_type=\"image.default\">\n\t\t\t\t<div class=\"elementor-widget-container\">\n\t\t\t\t\t\t\t\t\t\t\t\t\t<img decoding=\"async\" width=\"2300\" height=\"1500\" src=\"https:\/\/cdn.tourvespucci.it\/wp-content\/uploads\/2026\/04\/GERNOVA-LOGO-NEGA.png\" class=\"attachment-full size-full wp-image-41080\" alt=\"\" srcset=\"https:\/\/cdn.tourvespucci.it\/wp-content\/uploads\/2026\/04\/GERNOVA-LOGO-NEGA.png 2300w, https:\/\/cdn.tourvespucci.it\/wp-content\/uploads\/2026\/04\/GERNOVA-LOGO-NEGA-300x196.png 300w, https:\/\/cdn.tourvespucci.it\/wp-content\/uploads\/2026\/04\/GERNOVA-LOGO-NEGA-1024x668.png 1024w, https:\/\/cdn.tourvespucci.it\/wp-content\/uploads\/2026\/04\/GERNOVA-LOGO-NEGA-768x501.png 768w, https:\/\/cdn.tourvespucci.it\/wp-content\/uploads\/2026\/04\/GERNOVA-LOGO-NEGA-1536x1002.png 1536w, https:\/\/cdn.tourvespucci.it\/wp-content\/uploads\/2026\/04\/GERNOVA-LOGO-NEGA-2048x1336.png 2048w\" sizes=\"(max-width: 2300px) 100vw, 2300px\" \/>\t\t\t\t\t\t\t\t\t\t\t\t\t<\/div>\n\t\t\t\t<\/div>\n\t\t\t\t<\/div>\n\t\t\t\t<div class=\"elementor-element elementor-element-00faeae elementor-hidden-desktop elementor-hidden-tablet elementor-hidden-mobile elementor-widget elementor-widget-heading\" data-id=\"00faeae\" data-element_type=\"widget\" data-widget_type=\"heading.default\">\n\t\t\t\t<div class=\"elementor-widget-container\">\n\t\t\t<p class=\"elementor-heading-title elementor-size-default\">Sali a bordo della nave pi\u00f9 bella del mondo<\/p>\t\t<\/div>\n\t\t\t\t<\/div>\n\t\t\t\t<div class=\"elementor-element elementor-element-4a79cbd4 button-elementor-1 elementor-hidden-desktop elementor-hidden-tablet elementor-hidden-mobile elementor-widget elementor-widget-button\" data-id=\"4a79cbd4\" data-element_type=\"widget\" data-widget_type=\"button.default\">\n\t\t\t\t<div class=\"elementor-widget-container\">\n\t\t\t\t\t\t\t<div class=\"elementor-button-wrapper\">\n\t\t\t\t\t<a class=\"elementor-button elementor-button-link elementor-size-sm\" href=\"#program\">\n\t\t\t\t\t\t<span class=\"elementor-button-content-wrapper\">\n\t\t\t\t\t\t\t\t\t<span class=\"elementor-button-text\">Book your visit now<\/span>\n\t\t\t\t\t<\/span>\n\t\t\t\t\t<\/a>\n\t\t\t\t<\/div>\n\t\t\t\t\t\t<\/div>\n\t\t\t\t<\/div>\n\t\t\t\t\t<\/div>\n\t\t\t\t<\/div>\n\t\t<div class=\"elementor-element elementor-element-612791cf elementor-hidden-desktop elementor-hidden-tablet elementor-hidden-mobile e-flex e-con-boxed e-con e-parent\" data-id=\"612791cf\" data-element_type=\"container\" data-settings=\"{&quot;background_background&quot;:&quot;classic&quot;}\">\n\t\t\t\t\t<div class=\"e-con-inner\">\n\t\t<div class=\"elementor-element elementor-element-5e335c0a e-con-full e-flex elementor-invisible e-con e-child\" data-id=\"5e335c0a\" data-element_type=\"container\" data-settings=\"{&quot;animation&quot;:&quot;fadeInLeft&quot;}\">\n\t\t\t\t<div class=\"elementor-element elementor-element-2d42f434 elementor-widget__width-initial elementor-widget elementor-widget-counter-days\" data-id=\"2d42f434\" data-element_type=\"widget\" data-widget_type=\"counter-days.default\">\n\t\t\t\t<div class=\"elementor-widget-container\">\n\t\t\t    <style>\n        .counter-days {\n            color: #91D0DC;\n            display: flex;\n            flex-direction: column;\n            align-items: end;\n            line-height: 68px;\n        }\n        #days-count {\n            font-family: \"Libre Caslon Display\", Sans-serif;\n            font-size: 70px;\n        }\n        .days-text {\n            text-align: center;\n            font-size: 18px;\n            font-family: 'Work Sans';\n            line-height: 25px;\n        }\n    <\/style>\n\n    <div class=\"counter-days\" data-target-date=\"2025-06-10 23:59\">\n                    <div class=\"days-text\">LA NAVE AMERIGO VESPUCCI \u00c8 ARRIVATA A ... VI ASPETTIAMO!            <\/div>\n            <\/div>\n    \t\t<\/div>\n\t\t\t\t<\/div>\n\t\t\t\t<\/div>\n\t\t\t\t\t<\/div>\n\t\t\t\t<\/div>\n\t\t<div class=\"elementor-element elementor-element-5c2702c8 elementor-hidden-desktop elementor-hidden-tablet elementor-hidden-mobile e-flex e-con-boxed e-con e-parent\" data-id=\"5c2702c8\" data-element_type=\"container\" data-settings=\"{&quot;background_background&quot;:&quot;classic&quot;}\">\n\t\t\t\t\t<div class=\"e-con-inner\">\n\t\t\t\t<div class=\"elementor-element elementor-element-494a0bc5 elementor-widget elementor-widget-html\" data-id=\"494a0bc5\" data-element_type=\"widget\" data-widget_type=\"html.default\">\n\t\t\t\t<div class=\"elementor-widget-container\">\n\t\t\t  <!-- Button to Open the Modal -->\n  <button type=\"button\" class=\"btn btn-primary btn-vespucci-live\" data-bs-toggle=\"modal\" data-bs-target=\"#vespucciLive\">\n        Segui la Nave in tempo reale\n  <\/button>\n\n  <!-- The Modal -->\n  <div class=\"modal fade\" id=\"vespucciLive\" tabindex=\"-1\" aria-labelledby=\"vespucciLiveLabel\" aria-hidden=\"true\">\n    <div class=\"modal-dialog modal-lg\">\n      <div class=\"modal-content\">\n        <div class=\"modal-header\">\n          <h5 class=\"modal-title\" id=\"vespucciLiveLabel\">Vespucci Live<\/h5>\n          <button type=\"button\" class=\"btn-close\" data-bs-dismiss=\"modal\" aria-label=\"Close\"><\/button>\n        <\/div>\n        <div class=\"modal-body\">\n          <!-- Container for VesselFinder Map -->\n          <div id=\"vesselfinder-container\" style=\"width:100%; height:100px;\"><\/div>\n          <script type=\"text\/javascript\">\n            \/\/ Map appearance\n            var width = \"100%\";         \/\/ width in pixels or percentage\n            var height = \"300\";         \/\/ height in pixels\n            var names = true;           \/\/ always show ship names (defaults to false)\n\n            \/\/ Single ship tracking\n            var mmsi = \"247999000\";     \/\/ display latest position by MMSI\n            var show_track = true;      \/\/ display track line (last 24 hours)\n          <\/script>\n          <script type=\"text\/javascript\" src=\"https:\/\/www.vesselfinder.com\/aismap.js\"><\/script>\n        <\/div>\n        <div class=\"modal-footer\">\n          <button type=\"button\" class=\"btn btn-secondary\" data-bs-dismiss=\"modal\">Chiudi<\/button>\n        <\/div>\n      <\/div>\n    <\/div>\n  <\/div>\t\t<\/div>\n\t\t\t\t<\/div>\n\t\t\t\t\t<\/div>\n\t\t\t\t<\/div>\n\t\t<div class=\"elementor-element elementor-element-170ecf05 e-con-full e-flex e-con e-parent\" data-id=\"170ecf05\" data-element_type=\"container\" data-settings=\"{&quot;background_background&quot;:&quot;classic&quot;}\">\n\t\t<div class=\"elementor-element elementor-element-4ac9dffd e-con-full e-flex e-con e-child\" data-id=\"4ac9dffd\" data-element_type=\"container\">\n\t\t\t\t<div class=\"elementor-element elementor-element-51a25cc2 elementor-invisible elementor-widget elementor-widget-heading\" data-id=\"51a25cc2\" data-element_type=\"widget\" data-settings=\"{&quot;_animation&quot;:&quot;fadeInRight&quot;}\" data-widget_type=\"heading.default\">\n\t\t\t\t<div class=\"elementor-widget-container\">\n\t\t\t<h2 class=\"elementor-heading-title elementor-size-default\">VILLAGGIO IN ITALIA<\/h2>\t\t<\/div>\n\t\t\t\t<\/div>\n\t\t<div class=\"elementor-element elementor-element-aa9cfd6 e-con-full elementor-hidden-desktop elementor-hidden-tablet e-flex e-con e-child\" data-id=\"aa9cfd6\" data-element_type=\"container\">\n\t\t\t\t<div class=\"elementor-element elementor-element-4f15c74 elementor-invisible elementor-widget elementor-widget-heading\" data-id=\"4f15c74\" data-element_type=\"widget\" data-settings=\"{&quot;_animation&quot;:&quot;fadeInRight&quot;}\" data-widget_type=\"heading.default\">\n\t\t\t\t<div class=\"elementor-widget-container\">\n\t\t\t<h2 class=\"elementor-heading-title elementor-size-default\">UN'INIZIATIVA DEL MINISTERO DELLA DIFESA E DELLA MARINA MILITARE<\/h2>\t\t<\/div>\n\t\t\t\t<\/div>\n\t\t<div class=\"elementor-element elementor-element-739b90c e-con-full e-flex e-con e-child\" data-id=\"739b90c\" data-element_type=\"container\">\n\t\t\t\t<div class=\"elementor-element elementor-element-b4a0279 elementor-invisible elementor-widget elementor-widget-heading\" data-id=\"b4a0279\" data-element_type=\"widget\" data-settings=\"{&quot;_animation&quot;:&quot;fadeInRight&quot;}\" data-widget_type=\"heading.default\">\n\t\t\t\t<div class=\"elementor-widget-container\">\n\t\t\t<h2 class=\"elementor-heading-title elementor-size-default\">Partner istituzionali:\n<\/h2>\t\t<\/div>\n\t\t\t\t<\/div>\n\t\t\t\t<div class=\"elementor-element elementor-element-d4a5eae elementor-invisible elementor-widget elementor-widget-text-editor\" data-id=\"d4a5eae\" data-element_type=\"widget\" data-settings=\"{&quot;_animation&quot;:&quot;fadeInRight&quot;}\" data-widget_type=\"text-editor.default\">\n\t\t\t\t<div class=\"elementor-widget-container\">\n\t\t\t\t\t\t\t<p style=\"text-align: left;\"><span style=\"white-space-collapse: preserve; font-size: 12px;\"><strong><span style=\"display: block; margin-bottom: 4px;\">MINISTERO DEGLI AFFARI ESTERI E DELLA COOPERAZIONE INTERNAZIONALE<\/span><\/strong><\/span><\/p><p style=\"text-align: left;\"><span style=\"white-space-collapse: preserve; font-size: 12px;\"><strong><span style=\"display: block; margin-bottom: 4px;\">MINISTERO DELLE IMPRESE E DEL MADE IN ITALY<\/span><\/strong><\/span><\/p><p style=\"text-align: left;\"><span style=\"white-space-collapse: preserve; font-size: 12px;\"><strong><span style=\"display: block; margin-bottom: 4px;\">MINISTERO DELL&#8217;AGRICOLTURA, DELLA SOVRANIT\u00c0 ALIMENTARE E DELLE FORESTE<\/span><span style=\"display: block; margin-bottom: 4px;\">MINISTERO DELLA CULTURA<\/span><span style=\"display: block; margin-bottom: 4px;\">MINISTERO DEL TURISMO<\/span><span style=\"display: block; margin-bottom: 4px;\">MINISTRO PER LE DISABILIT\u00c0<\/span><span style=\"display: block; margin-bottom: 4px;\">REGIONE LIGURIA<\/span><span style=\"display: block;\">COMUNE DI GENOVA<\/span><br \/><\/strong><br \/><\/span><\/p>\t\t\t\t\t\t<\/div>\n\t\t\t\t<\/div>\n\t\t\t\t<\/div>\n\t\t<div class=\"elementor-element elementor-element-9abf8ef e-con-full e-flex e-con e-child\" data-id=\"9abf8ef\" data-element_type=\"container\">\n\t\t\t\t<div class=\"elementor-element elementor-element-87884aa elementor-invisible elementor-widget elementor-widget-heading\" data-id=\"87884aa\" data-element_type=\"widget\" data-settings=\"{&quot;_animation&quot;:&quot;fadeInRight&quot;}\" data-widget_type=\"heading.default\">\n\t\t\t\t<div class=\"elementor-widget-container\">\n\t\t\t<h2 class=\"elementor-heading-title elementor-size-default\">Sponsor di Tappa:<\/h2>\t\t<\/div>\n\t\t\t\t<\/div>\n\t\t<div class=\"elementor-element elementor-element-954fcc1 e-con-full e-grid e-con e-child\" data-id=\"954fcc1\" data-element_type=\"container\">\n\t\t\t\t<div class=\"elementor-element elementor-element-856156e elementor-invisible elementor-widget elementor-widget-image\" data-id=\"856156e\" data-element_type=\"widget\" data-settings=\"{&quot;_animation&quot;:&quot;fadeInRight&quot;}\" data-widget_type=\"image.default\">\n\t\t\t\t<div class=\"elementor-widget-container\">\n\t\t\t\t\t\t\t\t\t\t\t\t\t<img decoding=\"async\" width=\"1024\" height=\"561\" src=\"https:\/\/cdn.tourvespucci.it\/wp-content\/uploads\/2026\/04\/Iren_Logo-1-1024x561.png\" class=\"attachment-large size-large wp-image-41995\" alt=\"\" srcset=\"https:\/\/cdn.tourvespucci.it\/wp-content\/uploads\/2026\/04\/Iren_Logo-1-1024x561.png 1024w, https:\/\/cdn.tourvespucci.it\/wp-content\/uploads\/2026\/04\/Iren_Logo-1-300x164.png 300w, https:\/\/cdn.tourvespucci.it\/wp-content\/uploads\/2026\/04\/Iren_Logo-1-768x421.png 768w, https:\/\/cdn.tourvespucci.it\/wp-content\/uploads\/2026\/04\/Iren_Logo-1-1536x841.png 1536w, https:\/\/cdn.tourvespucci.it\/wp-content\/uploads\/2026\/04\/Iren_Logo-1-2048x1122.png 2048w\" sizes=\"(max-width: 1024px) 100vw, 1024px\" \/>\t\t\t\t\t\t\t\t\t\t\t\t\t<\/div>\n\t\t\t\t<\/div>\n\t\t\t\t<\/div>\n\t\t\t\t<\/div>\n\t\t\t\t<\/div>\n\t\t\t\t<\/div>\n\t\t\t\t<\/div>\n\t\t<div class=\"elementor-element elementor-element-272e011 elementor-hidden-desktop elementor-hidden-tablet e-flex e-con-boxed e-con e-parent\" data-id=\"272e011\" data-element_type=\"container\" data-settings=\"{&quot;background_background&quot;:&quot;classic&quot;}\">\n\t\t\t\t\t<div class=\"e-con-inner\">\n\t\t<div class=\"elementor-element elementor-element-9d3f164 e-con-full e-flex e-con e-child\" data-id=\"9d3f164\" data-element_type=\"container\">\n\t\t<div class=\"elementor-element elementor-element-ba42ba8 e-grid e-con-full e-con e-child\" data-id=\"ba42ba8\" data-element_type=\"container\">\n\t\t\t\t<div class=\"elementor-element elementor-element-45fce6d elementor-widget__width-initial elementor-widget elementor-widget-text-editor\" data-id=\"45fce6d\" data-element_type=\"widget\" data-widget_type=\"text-editor.default\">\n\t\t\t\t<div class=\"elementor-widget-container\">\n\t\t\t\t\t\t\t<p style=\"text-align: left;\"><span style=\"white-space-collapse: preserve; font-size: 16px;\">Dopo il Tour Mondiale 2023\u20132025 e la successiva sosta lavori, la Nave \u00e8 pronta ad aprire un nuovo capitolo del suo viaggio partendo proprio dal Porto Antico di Genova per la Campagna Nord America 2026. Il disormeggio \u00e8 previsto il <strong>9 maggio<\/strong>, indicativamente intorno alle <strong>ore 12:00<\/strong>, mentre nei giorni precedenti sar\u00e0 possibile ammirare da vicino la Nave in tutta la sua bellezza.<\/span><span style=\"white-space-collapse: preserve; font-size: 16px;\">Presso il <strong>Belvedere dei Dogi<\/strong>, Porto Antico di Genova, sar\u00e0 allestita una versione ridotta del Villaggio IN Italia, con shop dedicato.<\/span><\/p><p>\u00a0<\/p><p>L\u2019ingresso al Villaggio IN Italia \u00e8 gratuito mentre l&#8217;accesso a bordo della Nave Amerigo Vespucci \u00e8 consentito esclusivamente su prenotazione, nei giorni e negli orari indicati nella sezione &#8220;visite a bordo&#8221;.<\/p><p>\u00a0<\/p><p><strong>Orari del Villaggio IN Italia<\/strong>:<br \/><strong style=\"color: #91d0dc;\">5 Maggio<\/strong>: 12:30 &#8211; 19:30<br \/><strong style=\"color: #91d0dc;\">6 Maggio<\/strong>: 12:30 &#8211; 19:30<br \/><strong style=\"color: #91d0dc;\">7 Maggio<\/strong>: 12:30 &#8211; 19:30<br \/><strong style=\"color: #91d0dc;\">8 Maggio<\/strong>: 12:30 &#8211; 19:30<\/p><p>\u00a0<\/p>\t\t\t\t\t\t<\/div>\n\t\t\t\t<\/div>\n\t\t\t\t<\/div>\n\t\t\t\t<\/div>\n\t\t\t\t\t<\/div>\n\t\t\t\t<\/div>\n\t\t<div class=\"elementor-element elementor-element-f7b4fb4 elementor-hidden-mobile e-flex e-con-boxed e-con e-parent\" data-id=\"f7b4fb4\" data-element_type=\"container\" data-settings=\"{&quot;background_background&quot;:&quot;classic&quot;}\">\n\t\t\t\t\t<div class=\"e-con-inner\">\n\t\t\t\t<div class=\"elementor-element elementor-element-b9ee2ee elementor-widget__width-initial elementor-widget elementor-widget-text-editor\" data-id=\"b9ee2ee\" data-element_type=\"widget\" data-widget_type=\"text-editor.default\">\n\t\t\t\t<div class=\"elementor-widget-container\">\n\t\t\t\t\t\t\t<p style=\"text-align: left;\"><span style=\"white-space-collapse: preserve; font-size: 16px;\">Dopo il Tour Mondiale 2023\u20132025 e la successiva sosta lavori, la Nave \u00e8 pronta ad aprire un nuovo capitolo del suo viaggio partendo proprio dal Porto Antico di Genova per la Campagna Nord America 2026. Il disormeggio \u00e8 previsto il <strong>9 maggio<\/strong>, indicativamente intorno alle <strong>ore 12:00<\/strong>, mentre nei giorni precedenti sar\u00e0 possibile ammirare da vicino la Nave in tutta la sua bellezza.<\/span><\/p><p style=\"text-align: left;\"><span style=\"white-space-collapse: preserve; font-size: 16px;\"><br \/>Presso il <strong>Belvedere dei Dogi<\/strong>, Porto Antico di Genova, sar\u00e0 allestita una versione ridotta del Villaggio IN Italia, con shop dedicato.<\/span><\/p><p>\u00a0<\/p><p>L\u2019ingresso al Villaggio IN Italia \u00e8 gratuito mentre l&#8217;accesso a bordo della Nave Amerigo Vespucci \u00e8 consentito esclusivamente su prenotazione, nei giorni e negli orari indicati nella sezione &#8220;visite a bordo&#8221;.<\/p><p>\u00a0<\/p><p><strong>Orari del Villaggio IN Italia<\/strong>:<br \/><strong style=\"color: #91d0dc;\">5 Maggio<\/strong>: 12:30 &#8211; 19:30<br \/><strong style=\"color: #91d0dc;\">6 Maggio<\/strong>: 12:30 &#8211; 19:30<br \/><strong style=\"color: #91d0dc;\">7 Maggio<\/strong>: 12:30 &#8211; 19:30<br \/><strong style=\"color: #91d0dc;\">8 Maggio<\/strong>: 12:30 &#8211; 19:30<\/p>\t\t\t\t\t\t<\/div>\n\t\t\t\t<\/div>\n\t\t<div class=\"elementor-element elementor-element-3f8ff16 e-con-full e-grid elementor-hidden-tablet elementor-hidden-mobile e-con e-child\" data-id=\"3f8ff16\" data-element_type=\"container\">\n\t\t<div class=\"elementor-element elementor-element-e93e71d e-con-full e-flex e-con e-child\" data-id=\"e93e71d\" data-element_type=\"container\">\n\t\t\t\t<div class=\"elementor-element elementor-element-cf35f49 elementor-invisible elementor-widget elementor-widget-heading\" data-id=\"cf35f49\" data-element_type=\"widget\" data-settings=\"{&quot;_animation&quot;:&quot;fadeInRight&quot;}\" data-widget_type=\"heading.default\">\n\t\t\t\t<div class=\"elementor-widget-container\">\n\t\t\t<h2 class=\"elementor-heading-title elementor-size-default\">UN'INIZIATIVA DEL MINISTERO DELLA DIFESA E DELLA MARINA MILITARE<\/h2>\t\t<\/div>\n\t\t\t\t<\/div>\n\t\t\t\t<div class=\"elementor-element elementor-element-6bd1d90 elementor-invisible elementor-widget elementor-widget-heading\" data-id=\"6bd1d90\" data-element_type=\"widget\" data-settings=\"{&quot;_animation&quot;:&quot;fadeInRight&quot;}\" data-widget_type=\"heading.default\">\n\t\t\t\t<div class=\"elementor-widget-container\">\n\t\t\t<h2 class=\"elementor-heading-title elementor-size-default\">Partner istituzionali:\n<\/h2>\t\t<\/div>\n\t\t\t\t<\/div>\n\t\t\t\t<div class=\"elementor-element elementor-element-cb84ffd elementor-hidden-mobile elementor-invisible elementor-widget elementor-widget-text-editor\" data-id=\"cb84ffd\" data-element_type=\"widget\" data-settings=\"{&quot;_animation&quot;:&quot;fadeInRight&quot;}\" data-widget_type=\"text-editor.default\">\n\t\t\t\t<div class=\"elementor-widget-container\">\n\t\t\t\t\t\t\t<p style=\"text-align: left;\"><span style=\"white-space-collapse: preserve; font-size: 16px;\"><strong>MINISTERO DEGLI AFFARI ESTERI E DELLA COOPERAZIONE INTERNAZIONALE\nMINISTERO DELLE IMPRESE E DEL MADE IN ITALY\nMINISTERO DELL&#8217;AGRICOLTURA, DELLA SOVRANIT\u00c0 ALIMENTARE E DELLE FORESTE\nMINISTERO DELLA CULTURA\nMINISTERO DEL TURISMO\nMINISTRO PER LE DISABILIT\u00c0\nREGIONE LIGURIA\nCOMUNE DI GENOVA<\/strong><\/span><\/p>\t\t\t\t\t\t<\/div>\n\t\t\t\t<\/div>\n\t\t\t\t<\/div>\n\t\t<div class=\"elementor-element elementor-element-cf461b7 e-con-full e-flex e-con e-child\" data-id=\"cf461b7\" data-element_type=\"container\">\n\t\t\t\t<div class=\"elementor-element elementor-element-ded801a elementor-invisible elementor-widget elementor-widget-heading\" data-id=\"ded801a\" data-element_type=\"widget\" data-settings=\"{&quot;_animation&quot;:&quot;fadeInRight&quot;}\" data-widget_type=\"heading.default\">\n\t\t\t\t<div class=\"elementor-widget-container\">\n\t\t\t<h2 class=\"elementor-heading-title elementor-size-default\">Sponsor di Tappa:<\/h2>\t\t<\/div>\n\t\t\t\t<\/div>\n\t\t<div class=\"elementor-element elementor-element-d6d4ebf e-con-full e-grid e-con e-child\" data-id=\"d6d4ebf\" data-element_type=\"container\">\n\t\t\t\t<div class=\"elementor-element elementor-element-1e01a50 elementor-invisible elementor-widget elementor-widget-image\" data-id=\"1e01a50\" data-element_type=\"widget\" data-settings=\"{&quot;_animation&quot;:&quot;fadeInRight&quot;}\" data-widget_type=\"image.default\">\n\t\t\t\t<div class=\"elementor-widget-container\">\n\t\t\t\t\t\t\t\t\t\t\t\t\t<img decoding=\"async\" width=\"1024\" height=\"561\" src=\"https:\/\/cdn.tourvespucci.it\/wp-content\/uploads\/2026\/04\/Iren_Logo-1-1024x561.png\" class=\"attachment-large size-large wp-image-41995\" alt=\"\" srcset=\"https:\/\/cdn.tourvespucci.it\/wp-content\/uploads\/2026\/04\/Iren_Logo-1-1024x561.png 1024w, https:\/\/cdn.tourvespucci.it\/wp-content\/uploads\/2026\/04\/Iren_Logo-1-300x164.png 300w, https:\/\/cdn.tourvespucci.it\/wp-content\/uploads\/2026\/04\/Iren_Logo-1-768x421.png 768w, https:\/\/cdn.tourvespucci.it\/wp-content\/uploads\/2026\/04\/Iren_Logo-1-1536x841.png 1536w, https:\/\/cdn.tourvespucci.it\/wp-content\/uploads\/2026\/04\/Iren_Logo-1-2048x1122.png 2048w\" sizes=\"(max-width: 1024px) 100vw, 1024px\" \/>\t\t\t\t\t\t\t\t\t\t\t\t\t<\/div>\n\t\t\t\t<\/div>\n\t\t\t\t<\/div>\n\t\t\t\t<\/div>\n\t\t\t\t<\/div>\n\t\t\t\t\t<\/div>\n\t\t\t\t<\/div>\n\t\t<div class=\"elementor-element elementor-element-74bfeb3c e-con-full e-flex e-con e-parent\" data-id=\"74bfeb3c\" data-element_type=\"container\" data-settings=\"{&quot;background_background&quot;:&quot;classic&quot;}\">\n\t\t\t\t<div class=\"elementor-element elementor-element-2cf91deb elementor--h-position-center elementor--v-position-middle elementor-widget elementor-widget-slides\" data-id=\"2cf91deb\" data-element_type=\"widget\" data-settings=\"{&quot;navigation&quot;:&quot;none&quot;,&quot;autoplay&quot;:&quot;yes&quot;,&quot;autoplay_speed&quot;:5000,&quot;infinite&quot;:&quot;yes&quot;,&quot;transition&quot;:&quot;slide&quot;,&quot;transition_speed&quot;:500}\" data-widget_type=\"slides.default\">\n\t\t\t\t<div class=\"elementor-widget-container\">\n\t\t\t\t\t<div class=\"elementor-swiper\">\n\t\t\t<div class=\"elementor-slides-wrapper elementor-main-swiper swiper\" dir=\"ltr\" data-animation=\"fadeInUp\">\n\t\t\t\t<div class=\"swiper-wrapper elementor-slides\">\n\t\t\t\t\t\t\t\t\t\t<div class=\"elementor-repeater-item-27e3ec4 swiper-slide\"><div class=\"swiper-slide-bg\" role=\"img\"><\/div><div class=\"swiper-slide-inner\" ><div class=\"swiper-slide-contents\"><\/div><\/div><\/div>\t\t\t\t<\/div>\n\t\t\t\t\t\t\t<\/div>\n\t\t<\/div>\n\t\t\t\t<\/div>\n\t\t\t\t<\/div>\n\t\t\t\t<\/div>\n\t\t<div class=\"elementor-element elementor-element-64d06ca e-con-full elementor-hidden-desktop elementor-hidden-tablet e-flex e-con e-parent\" data-id=\"64d06ca\" data-element_type=\"container\" data-settings=\"{&quot;background_background&quot;:&quot;classic&quot;}\">\n\t\t\t\t<div class=\"elementor-element elementor-element-c8ed9d0 elementor-invisible elementor-widget elementor-widget-heading\" data-id=\"c8ed9d0\" data-element_type=\"widget\" data-settings=\"{&quot;_animation&quot;:&quot;fadeInRight&quot;}\" data-widget_type=\"heading.default\">\n\t\t\t\t<div class=\"elementor-widget-container\">\n\t\t\t<h2 class=\"elementor-heading-title elementor-size-default\">VISITE A BORDO<\/h2>\t\t<\/div>\n\t\t\t\t<\/div>\n\t\t<div class=\"elementor-element elementor-element-6aaaa65 e-con-full e-flex e-con e-child\" data-id=\"6aaaa65\" data-element_type=\"container\">\n\t\t\t\t<div class=\"elementor-element elementor-element-ff07423 elementor-widget__width-initial elementor-widget elementor-widget-text-editor\" data-id=\"ff07423\" data-element_type=\"widget\" data-widget_type=\"text-editor.default\">\n\t\t\t\t<div class=\"elementor-widget-container\">\n\t\t\t\t\t\t\t<p style=\"text-align: left;\"><span style=\"white-space-collapse: preserve; font-size: 16px;\">Vivi l\u2019irripetibile esperienza di vedere da vicino la nave pi\u00f9 bella del mondo.\n\nSali a bordo e scatta le tue foto ricordo. La visita del Vespucci non \u00e8 guidata, ma i membri dell\u2019equipaggio saranno felici di rispondere a tutte le tue domande lungo il percorso.<\/span><\/p>\n\t\t\t\t\t\t<\/div>\n\t\t\t\t<\/div>\n\t\t\t\t<\/div>\n\t\t\t\t<\/div>\n\t\t<div class=\"elementor-element elementor-element-722c0c7 e-con-full elementor-hidden-mobile e-flex e-con e-parent\" data-id=\"722c0c7\" data-element_type=\"container\" data-settings=\"{&quot;background_background&quot;:&quot;classic&quot;}\">\n\t\t<div class=\"elementor-element elementor-element-9c0315f e-flex e-con-boxed e-con e-child\" data-id=\"9c0315f\" data-element_type=\"container\">\n\t\t\t\t\t<div class=\"e-con-inner\">\n\t\t<div class=\"elementor-element elementor-element-05dacdb e-con-full e-flex e-con e-child\" data-id=\"05dacdb\" data-element_type=\"container\">\n\t\t\t\t<div class=\"elementor-element elementor-element-2d0db08 elementor-invisible elementor-widget elementor-widget-heading\" data-id=\"2d0db08\" data-element_type=\"widget\" data-settings=\"{&quot;_animation&quot;:&quot;fadeInRight&quot;}\" data-widget_type=\"heading.default\">\n\t\t\t\t<div class=\"elementor-widget-container\">\n\t\t\t<h2 class=\"elementor-heading-title elementor-size-default\">VISITE A BORDO<\/h2>\t\t<\/div>\n\t\t\t\t<\/div>\n\t\t\t\t<div class=\"elementor-element elementor-element-a927230 elementor-widget__width-initial elementor-widget elementor-widget-text-editor\" data-id=\"a927230\" data-element_type=\"widget\" data-widget_type=\"text-editor.default\">\n\t\t\t\t<div class=\"elementor-widget-container\">\n\t\t\t\t\t\t\t<p style=\"text-align: left;\"><span style=\"white-space-collapse: preserve; font-size: 16px;\">Vivi l\u2019irripetibile esperienza di vedere da vicino la nave pi\u00f9 bella del mondo.\n\nSali a bordo e scatta le tue foto ricordo. La visita del Vespucci non \u00e8 guidata, ma i membri dell\u2019equipaggio saranno felici di rispondere a tutte le tue domande lungo il percorso.<\/span><\/p>\t\t\t\t\t\t<\/div>\n\t\t\t\t<\/div>\n\t\t\t\t<\/div>\n\t\t\t\t\t<\/div>\n\t\t\t\t<\/div>\n\t\t\t\t<\/div>\n\t\t<div class=\"elementor-element elementor-element-6bcb02b8 e-con-full elementor-hidden-mobile e-flex e-con e-parent\" data-id=\"6bcb02b8\" data-element_type=\"container\" data-settings=\"{&quot;background_background&quot;:&quot;classic&quot;}\">\n\t\t<div class=\"elementor-element elementor-element-7a55c6ea e-con-full e-flex e-con e-child\" data-id=\"7a55c6ea\" data-element_type=\"container\">\n\t\t\t\t<div class=\"elementor-element elementor-element-8ec61d1 elementor-hidden-mobile elementor-invisible elementor-widget elementor-widget-heading\" data-id=\"8ec61d1\" data-element_type=\"widget\" data-settings=\"{&quot;_animation&quot;:&quot;fadeInRight&quot;}\" data-widget_type=\"heading.default\">\n\t\t\t\t<div class=\"elementor-widget-container\">\n\t\t\t<h2 class=\"elementor-heading-title elementor-size-default\">Accesso solo su prenotazione\n<\/h2>\t\t<\/div>\n\t\t\t\t<\/div>\n\t\t\t\t<\/div>\n\t\t\t\t<\/div>\n\t\t<div class=\"elementor-element elementor-element-c352749 e-con-full elementor-hidden-mobile e-flex e-con e-parent\" data-id=\"c352749\" data-element_type=\"container\" data-settings=\"{&quot;background_background&quot;:&quot;classic&quot;}\">\n\t\t<div class=\"elementor-element elementor-element-b838872 e-con-full e-flex e-con e-child\" data-id=\"b838872\" data-element_type=\"container\">\n\t\t\t\t<div class=\"elementor-element elementor-element-18782f3 elementor-invisible elementor-widget elementor-widget-text-editor\" data-id=\"18782f3\" data-element_type=\"widget\" data-settings=\"{&quot;_animation&quot;:&quot;fadeInRight&quot;}\" data-widget_type=\"text-editor.default\">\n\t\t\t\t<div class=\"elementor-widget-container\">\n\t\t\t\t\t\t\t<p style=\"text-align: center;\"><span style=\"white-space-collapse: preserve; font-size: 16px;\">L\u2019accesso a bordo di Nave Amerigo Vespucci \u00e8 gratuito ed \u00e8 consentito esclusivamente previa prenotazione nominale tramite il sito ufficiale.\nNessun altro ente, canale o piattaforma \u00e8 autorizzato a rilasciare accessi. Eventuali comunicazioni o prenotazioni provenienti da fonti diverse sono da considerarsi non attendibili.\n\n<strong>Prima di procedere con la prenotazione, si invita a consultare la sezione \u201c<a href=\"#info\">Informazioni visitatori<\/a>\u201d, contenente le regole di accesso e le indicazioni sull\u2019accessibilit\u00e0 a bordo di Nave Amerigo Vespucci.<\/strong><\/span><\/p>\n\t\t\t\t\t\t<\/div>\n\t\t\t\t<\/div>\n\t\t\t\t<\/div>\n\t\t\t\t<\/div>\n\t\t<div class=\"elementor-element elementor-element-24199329 elementor-hidden-mobile e-flex e-con-boxed e-con e-parent\" data-id=\"24199329\" data-element_type=\"container\" data-settings=\"{&quot;background_background&quot;:&quot;classic&quot;}\">\n\t\t\t\t\t<div class=\"e-con-inner\">\n\t\t<div class=\"elementor-element elementor-element-2f58b3bb e-flex e-con-boxed e-con e-child\" data-id=\"2f58b3bb\" data-element_type=\"container\">\n\t\t\t\t\t<div class=\"e-con-inner\">\n\t\t<div class=\"elementor-element elementor-element-7adcb309 e-con-full e-flex e-con e-child\" data-id=\"7adcb309\" data-element_type=\"container\">\n\t\t\t\t<div class=\"elementor-element elementor-element-26839389 elementor-invisible elementor-widget elementor-widget-heading\" data-id=\"26839389\" data-element_type=\"widget\" data-settings=\"{&quot;_animation&quot;:&quot;fadeInRight&quot;}\" data-widget_type=\"heading.default\">\n\t\t\t\t<div class=\"elementor-widget-container\">\n\t\t\t<h2 class=\"elementor-heading-title elementor-size-default\">VISITE PUBBLICO<\/h2>\t\t<\/div>\n\t\t\t\t<\/div>\n\t\t\t\t<div class=\"elementor-element elementor-element-1ec9bfda elementor-invisible elementor-widget elementor-widget-text-editor\" data-id=\"1ec9bfda\" data-element_type=\"widget\" data-settings=\"{&quot;_animation&quot;:&quot;fadeInRight&quot;}\" data-widget_type=\"text-editor.default\">\n\t\t\t\t<div class=\"elementor-widget-container\">\n\t\t\t\t\t\t\t<p><span style=\"white-space-collapse: preserve; font-size: 24px;\">Fino a un massimo di 4 persone per registrazione<br \/><\/span><\/p>\t\t\t\t\t\t<\/div>\n\t\t\t\t<\/div>\n\t\t\t\t<\/div>\n\t\t\t\t\t<\/div>\n\t\t\t\t<\/div>\n\t\t<div class=\"elementor-element elementor-element-42e0cc17 e-flex e-con-boxed e-con e-child\" data-id=\"42e0cc17\" data-element_type=\"container\">\n\t\t\t\t\t<div class=\"e-con-inner\">\n\t\t<div class=\"elementor-element elementor-element-3c768cdc e-con-full e-flex e-con e-child\" data-id=\"3c768cdc\" data-element_type=\"container\">\n\t\t\t\t<div class=\"elementor-element elementor-element-72cc1652 elementor-invisible elementor-widget elementor-widget-heading\" data-id=\"72cc1652\" data-element_type=\"widget\" data-settings=\"{&quot;_animation&quot;:&quot;fadeInRight&quot;}\" data-widget_type=\"heading.default\">\n\t\t\t\t<div class=\"elementor-widget-container\">\n\t\t\t<h2 class=\"elementor-heading-title elementor-size-default\">Orari di visita Nave Vespucci<\/h2>\t\t<\/div>\n\t\t\t\t<\/div>\n\t\t\t\t<div class=\"elementor-element elementor-element-652b4a37 elementor-widget elementor-widget-heading\" data-id=\"652b4a37\" data-element_type=\"widget\" data-widget_type=\"heading.default\">\n\t\t\t\t<div class=\"elementor-widget-container\">\n\t\t\t<div class=\"elementor-heading-title elementor-size-default\"><span style=\"color: #91d0dc\"><strong>5  Maggio: <\/strong><\/span> 15:00 \u2013 18:00 <br><br>\n\n<span style=\"color: #91d0dc\"><strong>6  Maggio: <\/strong><\/span> 14:00 \u2013 19:00 <br><br>\n\n<span style=\"color: #91d0dc\"><strong>7  Maggio: <\/strong><\/span> 14:00 \u2013 19:00 <br><\/div>\t\t<\/div>\n\t\t\t\t<\/div>\n\t\t\t\t<div class=\"elementor-element elementor-element-b188a34 elementor-hidden-mobile elementor-invisible elementor-widget elementor-widget-text-editor\" data-id=\"b188a34\" data-element_type=\"widget\" data-settings=\"{&quot;_animation&quot;:&quot;fadeInRight&quot;}\" data-widget_type=\"text-editor.default\">\n\t\t\t\t<div class=\"elementor-widget-container\">\n\t\t\t\t\t\t\t<p style=\"text-align: left;\"><span style=\"white-space-collapse: preserve; font-size: 16px;\"><strong>L\u2019ultimo accesso \u00e8 consentito fino a 30 minuti prima della fine dell\u2019orario di visita.\nI posti sono limitati.<\/strong>\n<\/span><\/p>\t\t\t\t\t\t<\/div>\n\t\t\t\t<\/div>\n\t\t\t\t<\/div>\n\t\t\t\t\t<\/div>\n\t\t\t\t<\/div>\n\t\t<div class=\"elementor-element elementor-element-256708e2 e-flex e-con-boxed e-con e-child\" data-id=\"256708e2\" data-element_type=\"container\">\n\t\t\t\t\t<div class=\"e-con-inner\">\n\t\t<div class=\"elementor-element elementor-element-74fb9873 e-con-full e-flex e-con e-child\" data-id=\"74fb9873\" data-element_type=\"container\">\n\t\t\t\t<div class=\"elementor-element elementor-element-5dffb71c elementor-invisible elementor-widget elementor-widget-heading\" data-id=\"5dffb71c\" data-element_type=\"widget\" data-settings=\"{&quot;_animation&quot;:&quot;fadeInRight&quot;}\" data-widget_type=\"heading.default\">\n\t\t\t\t<div class=\"elementor-widget-container\">\n\t\t\t<h2 class=\"elementor-heading-title elementor-size-default\">PROCEDURA PRENOTAZIONI<\/h2>\t\t<\/div>\n\t\t\t\t<\/div>\n\t\t\t\t<div class=\"elementor-element elementor-element-41fcb863 elementor-hidden-mobile elementor-invisible elementor-widget elementor-widget-text-editor\" data-id=\"41fcb863\" data-element_type=\"widget\" data-settings=\"{&quot;_animation&quot;:&quot;fadeInRight&quot;}\" data-widget_type=\"text-editor.default\">\n\t\t\t\t<div class=\"elementor-widget-container\">\n\t\t\t\t\t\t\t<p style=\"text-align: left;\"><span style=\"white-space-collapse: preserve; font-size: 16px;\">1. Clicca sul pulsante in basso.<br \/><br \/>2. Scegli il giorno e l\u2019orario della tua visita.<br \/><br \/>3. Compila i tuoi dati personali. \u00c8 possibile registrare fino a un massimo di 4 persone per prenotazione.<br \/><br \/>4. Riceverai una e-mail di conferma con il QR code necessario per l\u2019accesso.<\/span><\/p>\t\t\t\t\t\t<\/div>\n\t\t\t\t<\/div>\n\t\t\t\t<div class=\"elementor-element elementor-element-57de0e0 elementor-hidden-mobile elementor-invisible elementor-widget elementor-widget-text-editor\" data-id=\"57de0e0\" data-element_type=\"widget\" data-settings=\"{&quot;_animation&quot;:&quot;fadeInRight&quot;}\" data-widget_type=\"text-editor.default\">\n\t\t\t\t<div class=\"elementor-widget-container\">\n\t\t\t\t\t\t\t<p><span style=\"white-space-collapse: preserve; font-size: 16px;\"><strong>Attenzione<\/strong>: il QR code \u00e8 unico e viene inviato solo alla persona che effettua la prenotazione. In caso di prenotazione per pi\u00f9 partecipanti, sar\u00e0 necessario presentarsi tutti insieme all\u2019ingresso.<br \/><\/span><\/p>\t\t\t\t\t\t<\/div>\n\t\t\t\t<\/div>\n\t\t\t\t<div class=\"elementor-element elementor-element-135d7205 elementor-hidden-mobile elementor-invisible elementor-widget elementor-widget-button\" data-id=\"135d7205\" data-element_type=\"widget\" data-settings=\"{&quot;_animation&quot;:&quot;fadeInLeft&quot;,&quot;_animation_delay&quot;:1200}\" data-widget_type=\"button.default\">\n\t\t\t\t<div class=\"elementor-widget-container\">\n\t\t\t\t\t\t\t<div class=\"elementor-button-wrapper\">\n\t\t\t\t\t<a class=\"elementor-button elementor-button-link elementor-size-sm\" href=\"https:\/\/tourvespucci.it\/eventi\/visita-a-bordo-genova\/\">\n\t\t\t\t\t\t<span class=\"elementor-button-content-wrapper\">\n\t\t\t\t\t\t\t\t\t<span class=\"elementor-button-text\">Prenota ora<\/span>\n\t\t\t\t\t<\/span>\n\t\t\t\t\t<\/a>\n\t\t\t\t<\/div>\n\t\t\t\t\t\t<\/div>\n\t\t\t\t<\/div>\n\t\t\t\t<div class=\"elementor-element elementor-element-5fa7a3e4 elementor-button-danger elementor-hidden-mobile elementor-hidden-desktop elementor-hidden-tablet elementor-invisible elementor-widget elementor-widget-button\" data-id=\"5fa7a3e4\" data-element_type=\"widget\" data-settings=\"{&quot;_animation&quot;:&quot;fadeInLeft&quot;,&quot;_animation_delay&quot;:1200}\" data-widget_type=\"button.default\">\n\t\t\t\t<div class=\"elementor-widget-container\">\n\t\t\t\t\t\t\t<div class=\"elementor-button-wrapper\">\n\t\t\t\t\t<a class=\"elementor-button elementor-size-sm\" role=\"button\">\n\t\t\t\t\t\t<span class=\"elementor-button-content-wrapper\">\n\t\t\t\t\t\t\t\t\t<span class=\"elementor-button-text\">Sold out<\/span>\n\t\t\t\t\t<\/span>\n\t\t\t\t\t<\/a>\n\t\t\t\t<\/div>\n\t\t\t\t\t\t<\/div>\n\t\t\t\t<\/div>\n\t\t\t\t<\/div>\n\t\t\t\t\t<\/div>\n\t\t\t\t<\/div>\n\t\t<div class=\"elementor-element elementor-element-5ce9168f e-con-full e-flex e-con e-child\" data-id=\"5ce9168f\" data-element_type=\"container\">\n\t\t<div class=\"elementor-element elementor-element-30b1d0d2 e-con-full e-flex e-con e-child\" data-id=\"30b1d0d2\" data-element_type=\"container\">\n\t\t\t\t<div class=\"elementor-element elementor-element-7955937a elementor-invisible elementor-widget elementor-widget-text-editor\" data-id=\"7955937a\" data-element_type=\"widget\" data-settings=\"{&quot;_animation&quot;:&quot;fadeInRight&quot;}\" data-widget_type=\"text-editor.default\">\n\t\t\t\t<div class=\"elementor-widget-container\">\n\t\t\t\t\t\t\t<span style=\"white-space-collapse: preserve; font-size: 16px;\"><\/span>\n\n\t\t\t\t\t\t<\/div>\n\t\t\t\t<\/div>\n\t\t\t\t<div class=\"elementor-element elementor-element-5e5a36c4 elementor-invisible elementor-widget elementor-widget-heading\" data-id=\"5e5a36c4\" data-element_type=\"widget\" data-settings=\"{&quot;_animation&quot;:&quot;fadeInRight&quot;}\" data-widget_type=\"heading.default\">\n\t\t\t\t<div class=\"elementor-widget-container\">\n\t\t\t<h2 class=\"elementor-heading-title elementor-size-default\">Come accedere alla Nave<\/h2>\t\t<\/div>\n\t\t\t\t<\/div>\n\t\t\t\t<div class=\"elementor-element elementor-element-405feea elementor-hidden-mobile elementor-invisible elementor-widget elementor-widget-text-editor\" data-id=\"405feea\" data-element_type=\"widget\" data-settings=\"{&quot;_animation&quot;:&quot;fadeInRight&quot;}\" data-widget_type=\"text-editor.default\">\n\t\t\t\t<div class=\"elementor-widget-container\">\n\t\t\t\t\t\t\t<p style=\"text-align: left;\"><span style=\"white-space-collapse: preserve; font-size: 16px;\">L\u2019area di accredito per salire a bordo di Nave Amerigo Vespucci si trova presso <strong>Calata Molo Vecchio raggiungibile dal Belvedere dei Dogi<\/strong>, Porto Antico di Genova.<br \/>Si consiglia di utilizzare i mezzi pubblici.<\/span><\/p><p>\u00a0<\/p><p>&#8211; Mostra il tuo QR code allo staff di accredito presso il Villaggio IN Italia.<\/p><p>&#8211; Se hai effettuato una prenotazione per pi\u00f9 persone, tutti i partecipanti dovranno presentarsi insieme.<\/p><p>&#8211; Potr\u00e0 essere richiesto il controllo dei documenti di identit\u00e0 indicati in fase di prenotazione.<\/p><p>&#8211; L\u2019accesso alla coda per la visita \u00e8 consentito da 15 minuti prima a 15 minuti dopo l\u2019orario indicato nella e-mail di conferma.<\/p><p>&#8211; In caso di maltempo, verifica eventuali annullamenti sul sito 2 ore prima dell\u2019evento.<\/p>\t\t\t\t\t\t<\/div>\n\t\t\t\t<\/div>\n\t\t\t\t<\/div>\n\t\t\t\t<\/div>\n\t\t\t\t\t<\/div>\n\t\t\t\t<\/div>\n\t\t<div class=\"elementor-element elementor-element-6592bfc e-con-full elementor-hidden-mobile e-flex e-con e-parent\" data-id=\"6592bfc\" data-element_type=\"container\" id=\"info\" data-settings=\"{&quot;background_background&quot;:&quot;classic&quot;}\">\n\t\t<div class=\"elementor-element elementor-element-3894a00 e-con-full e-flex e-con e-child\" data-id=\"3894a00\" data-element_type=\"container\">\n\t\t\t\t<div class=\"elementor-element elementor-element-767296b elementor-hidden-mobile info elementor-invisible elementor-widget elementor-widget-heading\" data-id=\"767296b\" data-element_type=\"widget\" data-settings=\"{&quot;_animation&quot;:&quot;fadeInRight&quot;}\" data-widget_type=\"heading.default\">\n\t\t\t\t<div class=\"elementor-widget-container\">\n\t\t\t<h2 class=\"elementor-heading-title elementor-size-default\">INFORMAZIONI VISITATORI\n<\/h2>\t\t<\/div>\n\t\t\t\t<\/div>\n\t\t\t\t<\/div>\n\t\t\t\t<\/div>\n\t\t<div class=\"elementor-element elementor-element-2b0974c1 e-con-full e-flex e-con e-parent\" data-id=\"2b0974c1\" data-element_type=\"container\" data-settings=\"{&quot;background_background&quot;:&quot;classic&quot;}\">\n\t\t<div class=\"elementor-element elementor-element-318db202 e-con-full e-flex e-con e-child\" data-id=\"318db202\" data-element_type=\"container\">\n\t\t\t\t<div class=\"elementor-element elementor-element-79db132d elementor-hidden-desktop elementor-invisible elementor-widget elementor-widget-heading\" data-id=\"79db132d\" data-element_type=\"widget\" data-settings=\"{&quot;_animation&quot;:&quot;fadeInRight&quot;}\" data-widget_type=\"heading.default\">\n\t\t\t\t<div class=\"elementor-widget-container\">\n\t\t\t<h2 class=\"elementor-heading-title elementor-size-default\">Accesso solo su prenotazione\n<\/h2>\t\t<\/div>\n\t\t\t\t<\/div>\n\t\t\t\t<\/div>\n\t\t\t\t<\/div>\n\t\t<div class=\"elementor-element elementor-element-bb0c8fb e-con-full elementor-hidden-desktop elementor-hidden-tablet e-flex e-con e-parent\" data-id=\"bb0c8fb\" data-element_type=\"container\" data-settings=\"{&quot;background_background&quot;:&quot;classic&quot;}\">\n\t\t<div class=\"elementor-element elementor-element-c473d2a e-con-full e-flex e-con e-child\" data-id=\"c473d2a\" data-element_type=\"container\">\n\t\t\t\t<div class=\"elementor-element elementor-element-f022515 elementor-invisible elementor-widget elementor-widget-text-editor\" data-id=\"f022515\" data-element_type=\"widget\" data-settings=\"{&quot;_animation&quot;:&quot;fadeInRight&quot;}\" data-widget_type=\"text-editor.default\">\n\t\t\t\t<div class=\"elementor-widget-container\">\n\t\t\t\t\t\t\t<p style=\"text-align: center;\"><span style=\"white-space-collapse: preserve; font-size: 16px;\">L\u2019accesso a bordo di Nave Amerigo Vespucci \u00e8 gratuito ed \u00e8 consentito esclusivamente previa prenotazione nominale tramite il sito ufficiale.\nNessun altro ente, canale o piattaforma \u00e8 autorizzato a rilasciare accessi. Eventuali comunicazioni o prenotazioni provenienti da fonti diverse sono da considerarsi non attendibili.\n\n<strong>Prima di procedere con la prenotazione, si invita a consultare la sezione \u201c<a href=\"#info\">Informazioni visitatori<\/a>\u201d, contenente le regole di accesso e le indicazioni sull\u2019accessibilit\u00e0 a bordo di Nave Amerigo Vespucci.<\/strong><\/span><\/p>\n\t\t\t\t\t\t<\/div>\n\t\t\t\t<\/div>\n\t\t\t\t<\/div>\n\t\t\t\t<\/div>\n\t\t<div class=\"elementor-element elementor-element-73a8639a e-con-full elementor-hidden-desktop elementor-hidden-tablet e-flex e-con e-parent\" data-id=\"73a8639a\" data-element_type=\"container\" data-settings=\"{&quot;background_background&quot;:&quot;classic&quot;}\">\n\t\t<div class=\"elementor-element elementor-element-4e50c7f8 e-flex e-con-boxed e-con e-child\" data-id=\"4e50c7f8\" data-element_type=\"container\">\n\t\t\t\t\t<div class=\"e-con-inner\">\n\t\t<div class=\"elementor-element elementor-element-204460f1 e-con-full e-flex e-con e-child\" data-id=\"204460f1\" data-element_type=\"container\">\n\t\t\t\t<div class=\"elementor-element elementor-element-657bb105 elementor-invisible elementor-widget elementor-widget-heading\" data-id=\"657bb105\" data-element_type=\"widget\" data-settings=\"{&quot;_animation&quot;:&quot;fadeInRight&quot;}\" data-widget_type=\"heading.default\">\n\t\t\t\t<div class=\"elementor-widget-container\">\n\t\t\t<h2 class=\"elementor-heading-title elementor-size-default\">VISITE PUBBLICO\n\n<\/h2>\t\t<\/div>\n\t\t\t\t<\/div>\n\t\t\t\t<div class=\"elementor-element elementor-element-aace16a elementor-widget__width-initial elementor-widget elementor-widget-text-editor\" data-id=\"aace16a\" data-element_type=\"widget\" data-widget_type=\"text-editor.default\">\n\t\t\t\t<div class=\"elementor-widget-container\">\n\t\t\t\t\t\t\t<p style=\"text-align: left;\"><span style=\"white-space-collapse: preserve; font-size: 16px;\">Fino a un massimo di 4 persone per registrazione<\/span><\/p>\n\t\t\t\t\t\t<\/div>\n\t\t\t\t<\/div>\n\t\t\t\t<\/div>\n\t\t\t\t\t<\/div>\n\t\t\t\t<\/div>\n\t\t<div class=\"elementor-element elementor-element-51e2c29a e-con-full e-flex e-con e-child\" data-id=\"51e2c29a\" data-element_type=\"container\">\n\t\t<div class=\"elementor-element elementor-element-3318122 e-con-full e-flex e-con e-child\" data-id=\"3318122\" data-element_type=\"container\">\n\t\t\t\t<div class=\"elementor-element elementor-element-1798789e elementor-invisible elementor-widget elementor-widget-heading\" data-id=\"1798789e\" data-element_type=\"widget\" data-settings=\"{&quot;_animation&quot;:&quot;fadeInRight&quot;}\" data-widget_type=\"heading.default\">\n\t\t\t\t<div class=\"elementor-widget-container\">\n\t\t\t<h2 class=\"elementor-heading-title elementor-size-default\">Orari di visita Nave Vespucci<\/h2>\t\t<\/div>\n\t\t\t\t<\/div>\n\t\t\t\t<div class=\"elementor-element elementor-element-68f8a03 elementor-widget elementor-widget-heading\" data-id=\"68f8a03\" data-element_type=\"widget\" data-widget_type=\"heading.default\">\n\t\t\t\t<div class=\"elementor-widget-container\">\n\t\t\t<div class=\"elementor-heading-title elementor-size-default\"><strong><span style=\"color: #91d0dc\">5  Maggio <\/span><\/strong> 15:00 \u2013 18:00 \n<br>\n<br>\n<strong><span style=\"color: #91d0dc\">6 Maggio: <\/span><\/strong> 14:00 \u2013 19:00 \n<br>\n<br>\n<strong><span style=\"color: #91d0dc\">7 Maggio: <\/span><\/strong> 14:00 \u2013 19:00 <\/div>\t\t<\/div>\n\t\t\t\t<\/div>\n\t\t\t\t<div class=\"elementor-element elementor-element-40d00e4 elementor-widget__width-initial elementor-widget elementor-widget-text-editor\" data-id=\"40d00e4\" data-element_type=\"widget\" data-widget_type=\"text-editor.default\">\n\t\t\t\t<div class=\"elementor-widget-container\">\n\t\t\t\t\t\t\t<p style=\"text-align: left;\"><span style=\"white-space-collapse: preserve; font-size: 16px;\"><strong>L\u2019ultimo accesso \u00e8 consentito fino a 30 minuti prima dell\u2019orario di chiusura indicato.\nI posti sono limitati.<\/strong><\/span><\/p>\t\t\t\t\t\t<\/div>\n\t\t\t\t<\/div>\n\t\t\t\t<\/div>\n\t\t\t\t<\/div>\n\t\t<div class=\"elementor-element elementor-element-64280352 e-con-full e-flex e-con e-child\" data-id=\"64280352\" data-element_type=\"container\">\n\t\t<div class=\"elementor-element elementor-element-2c456613 e-con-full e-flex e-con e-child\" data-id=\"2c456613\" data-element_type=\"container\">\n\t\t\t\t<div class=\"elementor-element elementor-element-22f4eb20 elementor-invisible elementor-widget elementor-widget-heading\" data-id=\"22f4eb20\" data-element_type=\"widget\" data-settings=\"{&quot;_animation&quot;:&quot;fadeInRight&quot;}\" data-widget_type=\"heading.default\">\n\t\t\t\t<div class=\"elementor-widget-container\">\n\t\t\t<h2 class=\"elementor-heading-title elementor-size-default\">PROCEDURA PRENOTAZIONI\u200b<\/h2>\t\t<\/div>\n\t\t\t\t<\/div>\n\t\t\t\t<div class=\"elementor-element elementor-element-b05eb48 elementor-widget__width-initial elementor-widget elementor-widget-text-editor\" data-id=\"b05eb48\" data-element_type=\"widget\" data-widget_type=\"text-editor.default\">\n\t\t\t\t<div class=\"elementor-widget-container\">\n\t\t\t\t\t\t\t<p style=\"text-align: left;\"><span style=\"white-space-collapse: preserve; font-size: 16px;\">1. Clicca sul pulsante in basso.\n2. Scegli il giorno e l\u2019orario della tua visita.\n3. Compila i tuoi dati personali. \u00c8 possibile registrare fino a un massimo di 4 persone per prenotazione.\n4. Riceverai una e-mail di conferma con il QR code necessario per l\u2019accesso.<\/span><\/p>\t\t\t\t\t\t<\/div>\n\t\t\t\t<\/div>\n\t\t\t\t<div class=\"elementor-element elementor-element-77ce4df elementor-widget__width-initial elementor-widget elementor-widget-text-editor\" data-id=\"77ce4df\" data-element_type=\"widget\" data-widget_type=\"text-editor.default\">\n\t\t\t\t<div class=\"elementor-widget-container\">\n\t\t\t\t\t\t\t<p style=\"text-align: left;\"><span style=\"white-space-collapse: preserve; font-size: 16px;\"><strong>Attenzione: <\/strong>il QR code \u00e8 unico e viene inviato solo alla persona che effettua la prenotazione. In caso di prenotazione per pi\u00f9 partecipanti, sar\u00e0 necessario presentarsi tutti insieme all\u2019ingresso.<\/span><\/p>\t\t\t\t\t\t<\/div>\n\t\t\t\t<\/div>\n\t\t\t\t<div class=\"elementor-element elementor-element-f46db3c elementor-hidden-desktop elementor-hidden-tablet elementor-invisible elementor-widget elementor-widget-button\" data-id=\"f46db3c\" data-element_type=\"widget\" data-settings=\"{&quot;_animation&quot;:&quot;fadeInLeft&quot;,&quot;_animation_delay&quot;:1200}\" data-widget_type=\"button.default\">\n\t\t\t\t<div class=\"elementor-widget-container\">\n\t\t\t\t\t\t\t<div class=\"elementor-button-wrapper\">\n\t\t\t\t\t<a class=\"elementor-button elementor-button-link elementor-size-sm\" href=\"https:\/\/tourvespucci.it\/eventi\/visita-a-bordo-genova\">\n\t\t\t\t\t\t<span class=\"elementor-button-content-wrapper\">\n\t\t\t\t\t\t\t\t\t<span class=\"elementor-button-text\">Prenota ora<\/span>\n\t\t\t\t\t<\/span>\n\t\t\t\t\t<\/a>\n\t\t\t\t<\/div>\n\t\t\t\t\t\t<\/div>\n\t\t\t\t<\/div>\n\t\t\t\t<div class=\"elementor-element elementor-element-dbbe4b8 elementor-button-danger elementor-hidden-mobile elementor-hidden-desktop elementor-hidden-tablet elementor-invisible elementor-widget elementor-widget-button\" data-id=\"dbbe4b8\" data-element_type=\"widget\" data-settings=\"{&quot;_animation&quot;:&quot;fadeInLeft&quot;,&quot;_animation_delay&quot;:1200}\" data-widget_type=\"button.default\">\n\t\t\t\t<div class=\"elementor-widget-container\">\n\t\t\t\t\t\t\t<div class=\"elementor-button-wrapper\">\n\t\t\t\t\t<a class=\"elementor-button elementor-size-sm\" role=\"button\">\n\t\t\t\t\t\t<span class=\"elementor-button-content-wrapper\">\n\t\t\t\t\t\t\t\t\t<span class=\"elementor-button-text\">Sold out<\/span>\n\t\t\t\t\t<\/span>\n\t\t\t\t\t<\/a>\n\t\t\t\t<\/div>\n\t\t\t\t\t\t<\/div>\n\t\t\t\t<\/div>\n\t\t\t\t<\/div>\n\t\t<div class=\"elementor-element elementor-element-e21fdf6 e-con-full e-flex e-con e-child\" data-id=\"e21fdf6\" data-element_type=\"container\">\n\t\t\t\t<div class=\"elementor-element elementor-element-584e1eb elementor-invisible elementor-widget elementor-widget-heading\" data-id=\"584e1eb\" data-element_type=\"widget\" data-settings=\"{&quot;_animation&quot;:&quot;fadeInRight&quot;}\" data-widget_type=\"heading.default\">\n\t\t\t\t<div class=\"elementor-widget-container\">\n\t\t\t<h2 class=\"elementor-heading-title elementor-size-default\">Come accedere alla Nave<\/h2>\t\t<\/div>\n\t\t\t\t<\/div>\n\t\t\t\t<div class=\"elementor-element elementor-element-76542ed elementor-widget__width-initial elementor-widget elementor-widget-text-editor\" data-id=\"76542ed\" data-element_type=\"widget\" data-widget_type=\"text-editor.default\">\n\t\t\t\t<div class=\"elementor-widget-container\">\n\t\t\t\t\t\t\t<p style=\"text-align: left;\"><span style=\"white-space-collapse: preserve; font-size: 16px;\">L\u2019area di accredito per salire a bordo di Nave Amerigo Vespucci si trova presso <strong>Calata Molo Vecchio raggiungibile dal Belvedere dei Dogi<\/strong>, Porto Antico di Genova.\nSi consiglia di utilizzare i mezzi pubblici.\n\n&#8211; Mostra il tuo QR code allo staff di accredito presso il Villaggio IN Italia.\n\n&#8211; Se hai effettuato una prenotazione per pi\u00f9 persone, tutti i partecipanti dovranno presentarsi insieme.\n\n&#8211; Potr\u00e0 essere richiesto il controllo dei documenti di identit\u00e0 indicati in fase di prenotazione.\n\n&#8211; L\u2019accesso alla coda per la visita \u00e8 consentito da 15 minuti prima a 15 minuti dopo l\u2019orario indicato nella e-mail di conferma.\n\n&#8211; In caso di maltempo, verifica eventuali annullamenti sul sito 2 ore prima dell\u2019evento.<\/span><\/p>\n\t\t\t\t\t\t<\/div>\n\t\t\t\t<\/div>\n\t\t\t\t<\/div>\n\t\t\t\t<\/div>\n\t\t\t\t<\/div>\n\t\t<div class=\"elementor-element elementor-element-631b9cc e-flex e-con-boxed e-con e-parent\" data-id=\"631b9cc\" data-element_type=\"container\" data-settings=\"{&quot;background_background&quot;:&quot;classic&quot;}\">\n\t\t\t\t\t<div class=\"e-con-inner\">\n\t\t\t\t<div class=\"elementor-element elementor-element-698d840 elementor-hidden-desktop elementor-invisible elementor-widget elementor-widget-heading\" data-id=\"698d840\" data-element_type=\"widget\" id=\"info\" data-settings=\"{&quot;_animation&quot;:&quot;fadeInRight&quot;}\" data-widget_type=\"heading.default\">\n\t\t\t\t<div class=\"elementor-widget-container\">\n\t\t\t<h2 class=\"elementor-heading-title elementor-size-default\">INFORMAZIONI VISITATORI<\/h2>\t\t<\/div>\n\t\t\t\t<\/div>\n\t\t<div class=\"elementor-element elementor-element-8b1f786 e-con-full e-flex e-con e-child\" data-id=\"8b1f786\" data-element_type=\"container\">\n\t\t<div class=\"elementor-element elementor-element-b386bcf e-grid e-con-full e-con e-child\" data-id=\"b386bcf\" data-element_type=\"container\">\n\t\t\t\t<div class=\"elementor-element elementor-element-b60d621 elementor-widget__width-initial elementor-widget elementor-widget-text-editor\" data-id=\"b60d621\" data-element_type=\"widget\" data-widget_type=\"text-editor.default\">\n\t\t\t\t<div class=\"elementor-widget-container\">\n\t\t\t\t\t\t\t<p style=\"text-align: left;\"><span style=\"white-space-collapse: preserve; font-size: 16px;\"><b style=\"color: #ce902c;\">Regole di accesso\n<\/b>\n\n&#8211; Dopo la registrazione non \u00e8 possibile modificare, in nessun caso, l\u2019orario della visita o i nominativi inseriti.\n\n&#8211; Non \u00e8 possibile effettuare prenotazioni per gruppi superiori a 4 persone.\n\n&#8211; I minori e i bambini possono accedere solo se accompagnati.\n\n&#8211; I bambini di et\u00e0 inferiore a 1 anno non devono essere inseriti nella prenotazione.\n\n&#8211; Passeggini e carrozzine non sono consentiti a bordo, ma possono essere lasciati in banchina.\n\n&#8211; Si consiglia di indossare scarpe comode. Non sono ammesse scarpe aperte n\u00e9 scarpe con il tacco.\n\n&#8211; Gli animali non sono ammessi; i cani di piccola taglia possono accedere solo se tenuti in braccio.\n<\/span><\/p>\n\n\t\t\t\t\t\t<\/div>\n\t\t\t\t<\/div>\n\t\t\t\t<div class=\"elementor-element elementor-element-92c015d elementor-widget__width-initial elementor-widget elementor-widget-text-editor\" data-id=\"92c015d\" data-element_type=\"widget\" data-widget_type=\"text-editor.default\">\n\t\t\t\t<div class=\"elementor-widget-container\">\n\t\t\t\t\t\t\t<p style=\"text-align: left;\"><span style=\"white-space-collapse: preserve; font-size: 16px;\"><b style=\"color: #ce902c;\">Accessibilit\u00e0 a bordo di Nave Vespucci<\/b><\/span><\/p><p style=\"text-align: left;\"><span style=\"white-space-collapse: preserve; font-size: 16px;\">Le persone con disabilit\u00e0 devono iscriversi singolarmente, indicando eventualmente la presenza di un accompagnatore, che dovr\u00e0 anch\u2019esso registrarsi.<br \/>Desideriamo informare che, a causa delle caratteristiche strutturali della Nave, progettata in epoche in cui non erano previsti specifici accorgimenti per l\u2019accessibilit\u00e0, potrebbero esserci limitazioni per le persone con disabilit\u00e0 motorie.<br \/>\u00a0<\/span><\/p><p style=\"text-align: left;\"><span style=\"white-space-collapse: preserve; font-size: 16px;\">In particolare, la Nave presenta barriere architettoniche che rendono impossibile l\u2019installazione di rampe per l\u2019accesso alle carrozzine. Di conseguenza, per ragioni tecniche e di sicurezza, di massima <strong>l\u2019accesso non pu\u00f2 essere garantito alle persone con difficolt\u00e0 di deambulazione che necessitano di ausili come sedie a rotelle.<\/strong><\/span><\/p><p style=\"text-align: left;\"><span style=\"white-space-collapse: preserve; font-size: 16px;\"><br \/>L\u2019equipaggio di Nave Amerigo Vespucci e lo staff del Villaggio IN Italia si impegnano con la massima dedizione per offrire a tutti i visitatori <strong>un\u2019esperienza accogliente e inclusiva. Siamo consapevoli dell\u2019importanza di garantire la migliore esperienza possibile a tutti i visitatori e, compatibilmente con le condizioni strutturali della nave, valuteremo ogni caso specifico direttamente in loco.<\/strong><\/span><\/p>\t\t\t\t\t\t<\/div>\n\t\t\t\t<\/div>\n\t\t\t\t<\/div>\n\t\t\t\t<\/div>\n\t\t\t\t\t<\/div>\n\t\t\t\t<\/div>\n\t\t\t\t<\/div>\n\t\t","protected":false},"excerpt":{"rendered":"<p>GENOVA Porto Antico &#8211; Belvedere dei Dogi 5-9 Maggio 2026 Genova, nei secoli, per il mare e l&#8217;avventura. Sali a bordo della nave pi\u00f9 bella del mondo Book your visit now LA NAVE AMERIGO VESPUCCI \u00c8 ARRIVATA A &#8230; VI ASPETTIAMO! Segui la Nave in tempo reale Vespucci Live Chiudi VILLAGGIO IN ITALIA UN&#8217;INIZIATIVA DEL [&hellip;]<\/p>\n","protected":false},"author":1,"featured_media":0,"parent":0,"menu_order":0,"comment_status":"closed","ping_status":"closed","template":"","meta":{"_acf_changed":false,"footnotes":""},"class_list":["post-40167","page","type-page","status-publish","hentry"],"acf":[],"yoast_head":"<!-- This site is optimized with the Yoast SEO plugin v23.9 - https:\/\/yoast.com\/wordpress\/plugins\/seo\/ -->\n<title>Genova 5-9 Maggio 2026 - Amerigo Vespucci Campagna Nord America 2026<\/title>\n<meta name=\"robots\" content=\"index, follow, max-snippet:-1, max-image-preview:large, max-video-preview:-1\" \/>\n<link rel=\"canonical\" href=\"https:\/\/tourvespucci.it\/genova-5-9-maggio-2026\/\" \/>\n<meta property=\"og:locale\" content=\"it_IT\" \/>\n<meta property=\"og:type\" content=\"article\" \/>\n<meta property=\"og:title\" content=\"Genova 5-9 Maggio 2026 - Amerigo Vespucci Campagna Nord America 2026\" \/>\n<meta property=\"og:description\" content=\"GENOVA Porto Antico &#8211; Belvedere dei Dogi 5-9 Maggio 2026 Genova, nei secoli, per il mare e l&#8217;avventura. Sali a bordo della nave pi\u00f9 bella del mondo Book your visit now LA NAVE AMERIGO VESPUCCI \u00c8 ARRIVATA A &#8230; VI ASPETTIAMO! Segui la Nave in tempo reale Vespucci Live Chiudi VILLAGGIO IN ITALIA UN&#8217;INIZIATIVA DEL [&hellip;]\" \/>\n<meta property=\"og:url\" content=\"https:\/\/tourvespucci.it\/genova-5-9-maggio-2026\/\" \/>\n<meta property=\"og:site_name\" content=\"Amerigo Vespucci Campagna Nord America 2026\" \/>\n<meta property=\"article:modified_time\" content=\"2026-04-30T19:00:50+00:00\" \/>\n<meta property=\"og:image\" content=\"https:\/\/tourvespucci.it\/wp-content\/uploads\/2024\/06\/icon_vespicci.jpg\" \/><meta property=\"og:image\" content=\"https:\/\/cdn.tourvespucci.it\/wp-content\/uploads\/2026\/04\/villaggio-italia-vespucci-w-ita-2026.png\" \/>\n\t<meta property=\"og:image:width\" content=\"1395\" \/>\n\t<meta property=\"og:image:height\" content=\"909\" \/>\n\t<meta property=\"og:image:type\" content=\"image\/png\" \/>\n<meta name=\"twitter:card\" content=\"summary_large_image\" \/>\n<meta name=\"twitter:image\" content=\"https:\/\/tourvespucci.it\/wp-content\/uploads\/2024\/06\/icon_vespicci.jpg\" \/>\n<meta name=\"twitter:label1\" content=\"Tempo di lettura stimato\" \/>\n\t<meta name=\"twitter:data1\" content=\"9 minuti\" \/>\n<script type=\"application\/ld+json\" class=\"yoast-schema-graph\">{\"@context\":\"https:\/\/schema.org\",\"@graph\":[{\"@type\":\"WebPage\",\"@id\":\"https:\/\/tourvespucci.it\/genova-5-9-maggio-2026\/\",\"url\":\"https:\/\/tourvespucci.it\/genova-5-9-maggio-2026\/\",\"name\":\"Genova 5-9 Maggio 2026 - Amerigo Vespucci Campagna Nord America 2026\",\"isPartOf\":{\"@id\":\"https:\/\/tourvespucci.it\/#website\"},\"primaryImageOfPage\":{\"@id\":\"https:\/\/tourvespucci.it\/genova-5-9-maggio-2026\/#primaryimage\"},\"image\":{\"@id\":\"https:\/\/tourvespucci.it\/genova-5-9-maggio-2026\/#primaryimage\"},\"thumbnailUrl\":\"https:\/\/tourvespucci.it\/wp-content\/uploads\/2026\/04\/villaggio-italia-vespucci-w-ita-2026.png\",\"datePublished\":\"2026-04-23T10:10:40+00:00\",\"dateModified\":\"2026-04-30T19:00:50+00:00\",\"breadcrumb\":{\"@id\":\"https:\/\/tourvespucci.it\/genova-5-9-maggio-2026\/#breadcrumb\"},\"inLanguage\":\"it-IT\",\"potentialAction\":[{\"@type\":\"ReadAction\",\"target\":[\"https:\/\/tourvespucci.it\/genova-5-9-maggio-2026\/\"]}]},{\"@type\":\"ImageObject\",\"inLanguage\":\"it-IT\",\"@id\":\"https:\/\/tourvespucci.it\/genova-5-9-maggio-2026\/#primaryimage\",\"url\":\"https:\/\/cdn.tourvespucci.it\/wp-content\/uploads\/2026\/04\/villaggio-italia-vespucci-w-ita-2026.png\",\"contentUrl\":\"https:\/\/cdn.tourvespucci.it\/wp-content\/uploads\/2026\/04\/villaggio-italia-vespucci-w-ita-2026.png\",\"width\":1395,\"height\":909},{\"@type\":\"BreadcrumbList\",\"@id\":\"https:\/\/tourvespucci.it\/genova-5-9-maggio-2026\/#breadcrumb\",\"itemListElement\":[{\"@type\":\"ListItem\",\"position\":1,\"name\":\"Home\",\"item\":\"https:\/\/tourvespucci.it\/\"},{\"@type\":\"ListItem\",\"position\":2,\"name\":\"Genova 5-9 Maggio 2026\"}]},{\"@type\":\"WebSite\",\"@id\":\"https:\/\/tourvespucci.it\/#website\",\"url\":\"https:\/\/tourvespucci.it\/\",\"name\":\"Amerigo Vespucci Campagna Nord America 2026\",\"description\":\"\",\"publisher\":{\"@id\":\"https:\/\/tourvespucci.it\/#organization\"},\"potentialAction\":[{\"@type\":\"SearchAction\",\"target\":{\"@type\":\"EntryPoint\",\"urlTemplate\":\"https:\/\/tourvespucci.it\/?s={search_term_string}\"},\"query-input\":{\"@type\":\"PropertyValueSpecification\",\"valueRequired\":true,\"valueName\":\"search_term_string\"}}],\"inLanguage\":\"it-IT\"},{\"@type\":\"Organization\",\"@id\":\"https:\/\/tourvespucci.it\/#organization\",\"name\":\"Amerigo Vespucci Campagna Nord America 2026\",\"url\":\"https:\/\/tourvespucci.it\/\",\"logo\":{\"@type\":\"ImageObject\",\"inLanguage\":\"it-IT\",\"@id\":\"https:\/\/tourvespucci.it\/#\/schema\/logo\/image\/\",\"url\":\"https:\/\/cdn.tourvespucci.it\/wp-content\/uploads\/2026\/04\/sito-header-2048x1536-1-1024x768.png\",\"contentUrl\":\"https:\/\/cdn.tourvespucci.it\/wp-content\/uploads\/2026\/04\/sito-header-2048x1536-1-1024x768.png\",\"width\":1024,\"height\":768,\"caption\":\"Amerigo Vespucci Campagna Nord America 2026\"},\"image\":{\"@id\":\"https:\/\/tourvespucci.it\/#\/schema\/logo\/image\/\"}}]}<\/script>\n<!-- \/ Yoast SEO plugin. -->","yoast_head_json":{"title":"Genova 5-9 Maggio 2026 - Amerigo Vespucci Campagna Nord America 2026","robots":{"index":"index","follow":"follow","max-snippet":"max-snippet:-1","max-image-preview":"max-image-preview:large","max-video-preview":"max-video-preview:-1"},"canonical":"https:\/\/tourvespucci.it\/genova-5-9-maggio-2026\/","og_locale":"it_IT","og_type":"article","og_title":"Genova 5-9 Maggio 2026 - Amerigo Vespucci Campagna Nord America 2026","og_description":"GENOVA Porto Antico &#8211; Belvedere dei Dogi 5-9 Maggio 2026 Genova, nei secoli, per il mare e l&#8217;avventura. Sali a bordo della nave pi\u00f9 bella del mondo Book your visit now LA NAVE AMERIGO VESPUCCI \u00c8 ARRIVATA A &#8230; VI ASPETTIAMO! Segui la Nave in tempo reale Vespucci Live Chiudi VILLAGGIO IN ITALIA UN&#8217;INIZIATIVA DEL [&hellip;]","og_url":"https:\/\/tourvespucci.it\/genova-5-9-maggio-2026\/","og_site_name":"Amerigo Vespucci Campagna Nord America 2026","article_modified_time":"2026-04-30T19:00:50+00:00","og_image":[{"url":"https:\/\/tourvespucci.it\/wp-content\/uploads\/2024\/06\/icon_vespicci.jpg"},{"width":1395,"height":909,"url":"https:\/\/cdn.tourvespucci.it\/wp-content\/uploads\/2026\/04\/villaggio-italia-vespucci-w-ita-2026.png","type":"image\/png"}],"twitter_card":"summary_large_image","twitter_image":"https:\/\/tourvespucci.it\/wp-content\/uploads\/2024\/06\/icon_vespicci.jpg","twitter_misc":{"Tempo di lettura stimato":"9 minuti"},"schema":{"@context":"https:\/\/schema.org","@graph":[{"@type":"WebPage","@id":"https:\/\/tourvespucci.it\/genova-5-9-maggio-2026\/","url":"https:\/\/tourvespucci.it\/genova-5-9-maggio-2026\/","name":"Genova 5-9 Maggio 2026 - Amerigo Vespucci Campagna Nord America 2026","isPartOf":{"@id":"https:\/\/tourvespucci.it\/#website"},"primaryImageOfPage":{"@id":"https:\/\/tourvespucci.it\/genova-5-9-maggio-2026\/#primaryimage"},"image":{"@id":"https:\/\/tourvespucci.it\/genova-5-9-maggio-2026\/#primaryimage"},"thumbnailUrl":"https:\/\/tourvespucci.it\/wp-content\/uploads\/2026\/04\/villaggio-italia-vespucci-w-ita-2026.png","datePublished":"2026-04-23T10:10:40+00:00","dateModified":"2026-04-30T19:00:50+00:00","breadcrumb":{"@id":"https:\/\/tourvespucci.it\/genova-5-9-maggio-2026\/#breadcrumb"},"inLanguage":"it-IT","potentialAction":[{"@type":"ReadAction","target":["https:\/\/tourvespucci.it\/genova-5-9-maggio-2026\/"]}]},{"@type":"ImageObject","inLanguage":"it-IT","@id":"https:\/\/tourvespucci.it\/genova-5-9-maggio-2026\/#primaryimage","url":"https:\/\/cdn.tourvespucci.it\/wp-content\/uploads\/2026\/04\/villaggio-italia-vespucci-w-ita-2026.png","contentUrl":"https:\/\/cdn.tourvespucci.it\/wp-content\/uploads\/2026\/04\/villaggio-italia-vespucci-w-ita-2026.png","width":1395,"height":909},{"@type":"BreadcrumbList","@id":"https:\/\/tourvespucci.it\/genova-5-9-maggio-2026\/#breadcrumb","itemListElement":[{"@type":"ListItem","position":1,"name":"Home","item":"https:\/\/tourvespucci.it\/"},{"@type":"ListItem","position":2,"name":"Genova 5-9 Maggio 2026"}]},{"@type":"WebSite","@id":"https:\/\/tourvespucci.it\/#website","url":"https:\/\/tourvespucci.it\/","name":"Amerigo Vespucci Campagna Nord America 2026","description":"","publisher":{"@id":"https:\/\/tourvespucci.it\/#organization"},"potentialAction":[{"@type":"SearchAction","target":{"@type":"EntryPoint","urlTemplate":"https:\/\/tourvespucci.it\/?s={search_term_string}"},"query-input":{"@type":"PropertyValueSpecification","valueRequired":true,"valueName":"search_term_string"}}],"inLanguage":"it-IT"},{"@type":"Organization","@id":"https:\/\/tourvespucci.it\/#organization","name":"Amerigo Vespucci Campagna Nord America 2026","url":"https:\/\/tourvespucci.it\/","logo":{"@type":"ImageObject","inLanguage":"it-IT","@id":"https:\/\/tourvespucci.it\/#\/schema\/logo\/image\/","url":"https:\/\/cdn.tourvespucci.it\/wp-content\/uploads\/2026\/04\/sito-header-2048x1536-1-1024x768.png","contentUrl":"https:\/\/cdn.tourvespucci.it\/wp-content\/uploads\/2026\/04\/sito-header-2048x1536-1-1024x768.png","width":1024,"height":768,"caption":"Amerigo Vespucci Campagna Nord America 2026"},"image":{"@id":"https:\/\/tourvespucci.it\/#\/schema\/logo\/image\/"}}]}},"lang":"it","translations":{"it":40167,"en":42297},"pll_sync_post":[],"_links":{"self":[{"href":"https:\/\/tourvespucci.it\/platform\/wp\/v2\/pages\/40167","targetHints":{"allow":["GET"]}}],"collection":[{"href":"https:\/\/tourvespucci.it\/platform\/wp\/v2\/pages"}],"about":[{"href":"https:\/\/tourvespucci.it\/platform\/wp\/v2\/types\/page"}],"author":[{"embeddable":true,"href":"https:\/\/tourvespucci.it\/platform\/wp\/v2\/users\/1"}],"replies":[{"embeddable":true,"href":"https:\/\/tourvespucci.it\/platform\/wp\/v2\/comments?post=40167"}],"version-history":[{"count":698,"href":"https:\/\/tourvespucci.it\/platform\/wp\/v2\/pages\/40167\/revisions"}],"predecessor-version":[{"id":42872,"href":"https:\/\/tourvespucci.it\/platform\/wp\/v2\/pages\/40167\/revisions\/42872"}],"wp:attachment":[{"href":"https:\/\/tourvespucci.it\/platform\/wp\/v2\/media?parent=40167"}],"curies":[{"name":"wp","href":"https:\/\/api.w.org\/{rel}","templated":true}]}}